{"id":1271,"date":"2016-07-17T12:46:34","date_gmt":"2016-07-17T10:46:34","guid":{"rendered":"https:\/\/luispares.com\/ca\/privacidad\/"},"modified":"2025-03-27T09:25:39","modified_gmt":"2025-03-27T07:25:39","slug":"privacidad","status":"publish","type":"page","link":"https:\/\/luispares.com\/ca\/privacidad\/","title":{"rendered":"Pol\u00edtica de Privacitat"},"content":{"rendered":"<section class=\"wpb-content-wrapper\"><p>[vc_row type=&#8221;grid&#8221; el_class=&#8221;whitesection&#8221;][vc_column width=&#8221;2\/3&#8243;][vc_column_text]<\/p>\n<h3>Confidencialitat i protecci\u00f3 de dades<\/h3>\n<p>Als efectes del que preveu la Llei Org\u00e0nica 15\/1999, de 13 de desembre, de protecci\u00f3 de dades de car\u00e0cter personal, LUIS PAR\u00c9S SL informa a l&#8217;usuari de l&#8217;exist\u00e8ncia d&#8217;un fitxer automatitzat de dades de car\u00e0cter personal creat per i per LUIS PAR\u00c9S SL i sota la seva responsabilitat, amb la finalitat de realitzar el manteniment i gesti\u00f3 de la relaci\u00f3 amb l&#8217;Usuari, aix\u00ed com les tasques d&#8217;informaci\u00f3. En el moment de l&#8217;acceptaci\u00f3 de les presents condicions generals, LUIS PAR\u00c9S S.L precisar\u00e0 de l&#8217;usuari la recollida d&#8217;unes dades imprescindibles per a la prestaci\u00f3 dels seus serveis i \/ o informaci\u00f3.<\/p>\n<h3>Registre de fitxers i formularis<\/h3>\n<p>L&#8217;emplenament del formulari de registre \u00e9s obligat\u00f2ria per accedir i gaudir de determinats serveis oferts a la web o rebre la informaci\u00f3 sol\u00b7licitada. El no facilitar les dades personals sol\u00b7licitades o el no acceptar la present pol\u00edtica de protecci\u00f3 de dades suposa la impossibilitat d&#8217;informar-, subscriure, registra&#8217;t o participar en qualsevol de les promocions en qu\u00e8 se sol\u00b7licitin dades de car\u00e0cter personal.<\/p>\n<p>D&#8217;acord amb el que estableix la Llei Org\u00e0nica 15\/1999, de 13 de desembre, de Protecci\u00f3 de Dades de Car\u00e0cter Personal, l&#8217;informem que les dades personals que s&#8217;obtinguin com a conseq\u00fc\u00e8ncia del seu registre com a Usuari o com a conseq\u00fc\u00e8ncia de l&#8217;emplenament del formulari de contacte, seran incorporades a un fitxer titularitat de LUIS PAR\u00c9S SL amb CIF \/ NIF B08284002 i amb domicili a GRAN VIA CARLES III, 124 2n, 08034 BARCELONA, Barcelona tenint implementades les mesures de seguretat establertes al Reial Decret 1720\/2007, de 21 des.<\/p>\n<h3>Exactitud i veracitat de les dades<\/h3>\n<p>L&#8217;usuari \u00e9s l&#8217;\u00fanic responsable de la veracitat i correcci\u00f3 de les dades incloses i informats, exonerant a LUIS PAR\u00c9S S.L de qualsevol responsabilitat referent a aix\u00f2. Els usuaris garanteixen i responen, en qualsevol cas, de l&#8217;exactitud, vig\u00e8ncia i autenticitat de les dades personals facilitades, i es comprometen a mantenir-les degudament actualitzades. L&#8217;usuari accepta proporcionar informaci\u00f3 completa i correcta en el formulari de contacte, registre o subscripci\u00f3.<\/p>\n<p>LUIS PAR\u00c9S S.L no respon de la veracitat de les informacions que ens siguin d&#8217;elaboraci\u00f3 pr\u00f2pia i de les que s&#8217;indiqui una altra font, de manera que tampoc assumeix cap responsabilitat pel que fa a hipot\u00e8tics perjudicis que poguessin originar-se per l&#8217;\u00fas d&#8217;aquesta informaci\u00f3.<\/p>\n<p>LUIS PAR\u00c9S S.L es reserva el dret a actualitzar, modificar o eliminar la informaci\u00f3 continguda en les seves p\u00e0gines web podent incl\u00fas limitar o no permetre l&#8217;acc\u00e9s a aquesta informaci\u00f3.<\/p>\n<p>Es exonera LUIS PAR\u00c9S S.L de responsabilitat davant qualsevol dany o perjudici que pogu\u00e9s sofrir l&#8217;Usuari com a conseq\u00fc\u00e8ncia d&#8217;errors, defectes o omissions, en la informaci\u00f3 facilitada per LUIS PAR\u00c9S S.L sempre que procedeixi de fonts alienes a LUIS PAR\u00c9S S.L.<\/p>\n<h3>Cookies<\/h3>\n<p>El lloc www.luispares.com no utilitza cookies que permetin elaborar un perfil dels gustos i de la navegaci\u00f3 de l&#8217;usuari, considerant com fitxers f\u00edsics com informaci\u00f3 allotjats en el propi terminal de l&#8217;usuari i serveixen per facilitar la navegaci\u00f3 de l&#8217;usuari pel portal.<\/p>\n<p>De tota manera, l&#8217;usuari t\u00e9 possibilitat de configurar el navegador de tal manera que impedeixi la instal\u00b7laci\u00f3 d&#8217;aquests arxius.<\/p>\n<h3>Finalitats<\/h3>\n<p>Les finalitats de LUIS PAR\u00c9S S.L s\u00f3n el manteniment i gesti\u00f3 de la relaci\u00f3 amb l&#8217;usuari i enviar-li informaci\u00f3 dels nostres productes i serveis.<\/p>\n<h3>Menors d&#8217;edat<\/h3>\n<p>En el sup\u00f2sit que alguns dels nostres serveis vagin dirigits espec\u00edficament a menors d&#8217;edat, LUIS PAR\u00c9S S.L sol\u00b7licitar\u00e0 la conformitat dels pares o tutors per a la recollida de les dades personals o, si escau, per al tractament automatitzat de les dades.<\/p>\n<h3>Cessi\u00f3 de dades a tercers<\/h3>\n<p>LUIS PAR\u00c9S S.L no realitzar\u00e0 cessi\u00f3 de dades dels usuaris a tercers.[\/vc_column_text][\/vc_column][\/vc_row]<\/p>\n<\/section>","protected":false},"excerpt":{"rendered":"<p>[vc_row type=&#8221;grid&#8221; el_class=&#8221;whitesection&#8221;][vc_column width=&#8221;2\/3&#8243;][vc_column_text] Confidencialitat i protecci\u00f3 de dades Als efectes del que preveu la Llei Org\u00e0nica 15\/1999, de 13 de desembre, de protecci\u00f3 de dades de car\u00e0cter personal, LUIS PAR\u00c9S SL informa a l&#8217;usuari de l&#8217;exist\u00e8ncia d&#8217;un fitxer automatitzat de dades de car\u00e0cter personal&#8230;<\/p>\n","protected":false},"author":3,"featured_media":929,"parent":0,"menu_order":10,"comment_status":"closed","ping_status":"closed","template":"full_width.php","meta":{"footnotes":""},"class_list":["post-1271","page","type-page","status-publish","has-post-thumbnail","hentry"],"yoast_head":"<!-- This site is optimized with the Yoast SEO plugin v27.4 - https:\/\/yoast.com\/product\/yoast-seo-wordpress\/ -->\n<title>Pol\u00edtica de Privacitat &#8211; Luis Pares<\/title>\n<meta name=\"robots\" content=\"index, follow, max-snippet:-1, max-image-preview:large, max-video-preview:-1\" \/>\n<link rel=\"canonical\" href=\"https:\/\/luispares.com\/ca\/privacidad\/\" \/>\n<meta property=\"og:locale\" content=\"ca_ES\" \/>\n<meta property=\"og:type\" content=\"article\" \/>\n<meta property=\"og:title\" content=\"Pol\u00edtica de Privacitat &#8211; Luis Pares\" \/>\n<meta property=\"og:description\" content=\"[vc_row type=&#8221;grid&#8221; el_class=&#8221;whitesection&#8221;][vc_column width=&#8221;2\/3&#8243;][vc_column_text] Confidencialitat i protecci\u00f3 de dades Als efectes del que preveu la Llei Org\u00e0nica 15\/1999, de 13 de desembre, de protecci\u00f3 de dades de car\u00e0cter personal, LUIS PAR\u00c9S SL informa a l&#8217;usuari de l&#8217;exist\u00e8ncia d&#8217;un fitxer automatitzat de dades de car\u00e0cter personal...\" \/>\n<meta property=\"og:url\" content=\"https:\/\/luispares.com\/ca\/privacidad\/\" \/>\n<meta property=\"og:site_name\" content=\"Luis Pares\" \/>\n<meta property=\"article:modified_time\" content=\"2025-03-27T07:25:39+00:00\" \/>\n<meta name=\"twitter:card\" content=\"summary_large_image\" \/>\n<meta name=\"twitter:label1\" content=\"Temps estimat de lectura\" \/>\n\t<meta name=\"twitter:data1\" content=\"3 minuts\" \/>\n<script type=\"application\/ld+json\" class=\"yoast-schema-graph\">{\"@context\":\"https:\\\/\\\/schema.org\",\"@graph\":[{\"@type\":\"WebPage\",\"@id\":\"https:\\\/\\\/luispares.com\\\/ca\\\/privacidad\\\/\",\"url\":\"https:\\\/\\\/luispares.com\\\/ca\\\/privacidad\\\/\",\"name\":\"Pol\u00edtica de Privacitat &#8211; Luis Pares\",\"isPartOf\":{\"@id\":\"https:\\\/\\\/luispares.com\\\/ca\\\/#website\"},\"primaryImageOfPage\":{\"@id\":\"https:\\\/\\\/luispares.com\\\/ca\\\/privacidad\\\/#primaryimage\"},\"image\":{\"@id\":\"https:\\\/\\\/luispares.com\\\/ca\\\/privacidad\\\/#primaryimage\"},\"thumbnailUrl\":\"https:\\\/\\\/luispares.com\\\/wp-content\\\/uploads\\\/2016\\\/07\\\/FeaturedGeneric_v2_LuisPares.jpg\",\"datePublished\":\"2016-07-17T10:46:34+00:00\",\"dateModified\":\"2025-03-27T07:25:39+00:00\",\"breadcrumb\":{\"@id\":\"https:\\\/\\\/luispares.com\\\/ca\\\/privacidad\\\/#breadcrumb\"},\"inLanguage\":\"ca\",\"potentialAction\":[{\"@type\":\"ReadAction\",\"target\":[\"https:\\\/\\\/luispares.com\\\/ca\\\/privacidad\\\/\"]}]},{\"@type\":\"ImageObject\",\"inLanguage\":\"ca\",\"@id\":\"https:\\\/\\\/luispares.com\\\/ca\\\/privacidad\\\/#primaryimage\",\"url\":\"https:\\\/\\\/luispares.com\\\/wp-content\\\/uploads\\\/2016\\\/07\\\/FeaturedGeneric_v2_LuisPares.jpg\",\"contentUrl\":\"https:\\\/\\\/luispares.com\\\/wp-content\\\/uploads\\\/2016\\\/07\\\/FeaturedGeneric_v2_LuisPares.jpg\",\"width\":475,\"height\":227},{\"@type\":\"BreadcrumbList\",\"@id\":\"https:\\\/\\\/luispares.com\\\/ca\\\/privacidad\\\/#breadcrumb\",\"itemListElement\":[{\"@type\":\"ListItem\",\"position\":1,\"name\":\"Portada\",\"item\":\"https:\\\/\\\/luispares.com\\\/ca\\\/\"},{\"@type\":\"ListItem\",\"position\":2,\"name\":\"Pol\u00edtica de Privacitat\"}]},{\"@type\":\"WebSite\",\"@id\":\"https:\\\/\\\/luispares.com\\\/ca\\\/#website\",\"url\":\"https:\\\/\\\/luispares.com\\\/ca\\\/\",\"name\":\"Luis Pares\",\"description\":\"Empresa constructora y miembro del Gremi de Constructors de Barcelona.\",\"publisher\":{\"@id\":\"https:\\\/\\\/luispares.com\\\/ca\\\/#organization\"},\"potentialAction\":[{\"@type\":\"SearchAction\",\"target\":{\"@type\":\"EntryPoint\",\"urlTemplate\":\"https:\\\/\\\/luispares.com\\\/ca\\\/?s={search_term_string}\"},\"query-input\":{\"@type\":\"PropertyValueSpecification\",\"valueRequired\":true,\"valueName\":\"search_term_string\"}}],\"inLanguage\":\"ca\"},{\"@type\":\"Organization\",\"@id\":\"https:\\\/\\\/luispares.com\\\/ca\\\/#organization\",\"name\":\"Luis Par\u00e9s, S.L.\",\"url\":\"https:\\\/\\\/luispares.com\\\/ca\\\/\",\"logo\":{\"@type\":\"ImageObject\",\"inLanguage\":\"ca\",\"@id\":\"https:\\\/\\\/luispares.com\\\/ca\\\/#\\\/schema\\\/logo\\\/image\\\/\",\"url\":\"https:\\\/\\\/www.luispares.com\\\/wp-content\\\/uploads\\\/2016\\\/07\\\/luispares_logo.png\",\"contentUrl\":\"https:\\\/\\\/www.luispares.com\\\/wp-content\\\/uploads\\\/2016\\\/07\\\/luispares_logo.png\",\"width\":208,\"height\":56,\"caption\":\"Luis Par\u00e9s, S.L.\"},\"image\":{\"@id\":\"https:\\\/\\\/luispares.com\\\/ca\\\/#\\\/schema\\\/logo\\\/image\\\/\"},\"sameAs\":[\"https:\\\/\\\/www.instagram.com\\\/luispares_sl\\\/\",\"https:\\\/\\\/www.linkedin.com\\\/company\\\/luis-par\u00e9s-s-l-\",\"https:\\\/\\\/www.youtube.com\\\/channel\\\/UCryaT4fZmdocCgSnzi9fiew\"]}]}<\/script>\n<!-- \/ Yoast SEO plugin. -->","yoast_head_json":{"title":"Pol\u00edtica de Privacitat &#8211; Luis Pares","robots":{"index":"index","follow":"follow","max-snippet":"max-snippet:-1","max-image-preview":"max-image-preview:large","max-video-preview":"max-video-preview:-1"},"canonical":"https:\/\/luispares.com\/ca\/privacidad\/","og_locale":"ca_ES","og_type":"article","og_title":"Pol\u00edtica de Privacitat &#8211; Luis Pares","og_description":"[vc_row type=&#8221;grid&#8221; el_class=&#8221;whitesection&#8221;][vc_column width=&#8221;2\/3&#8243;][vc_column_text] Confidencialitat i protecci\u00f3 de dades Als efectes del que preveu la Llei Org\u00e0nica 15\/1999, de 13 de desembre, de protecci\u00f3 de dades de car\u00e0cter personal, LUIS PAR\u00c9S SL informa a l&#8217;usuari de l&#8217;exist\u00e8ncia d&#8217;un fitxer automatitzat de dades de car\u00e0cter personal...","og_url":"https:\/\/luispares.com\/ca\/privacidad\/","og_site_name":"Luis Pares","article_modified_time":"2025-03-27T07:25:39+00:00","twitter_card":"summary_large_image","twitter_misc":{"Temps estimat de lectura":"3 minuts"},"schema":{"@context":"https:\/\/schema.org","@graph":[{"@type":"WebPage","@id":"https:\/\/luispares.com\/ca\/privacidad\/","url":"https:\/\/luispares.com\/ca\/privacidad\/","name":"Pol\u00edtica de Privacitat &#8211; Luis Pares","isPartOf":{"@id":"https:\/\/luispares.com\/ca\/#website"},"primaryImageOfPage":{"@id":"https:\/\/luispares.com\/ca\/privacidad\/#primaryimage"},"image":{"@id":"https:\/\/luispares.com\/ca\/privacidad\/#primaryimage"},"thumbnailUrl":"https:\/\/luispares.com\/wp-content\/uploads\/2016\/07\/FeaturedGeneric_v2_LuisPares.jpg","datePublished":"2016-07-17T10:46:34+00:00","dateModified":"2025-03-27T07:25:39+00:00","breadcrumb":{"@id":"https:\/\/luispares.com\/ca\/privacidad\/#breadcrumb"},"inLanguage":"ca","potentialAction":[{"@type":"ReadAction","target":["https:\/\/luispares.com\/ca\/privacidad\/"]}]},{"@type":"ImageObject","inLanguage":"ca","@id":"https:\/\/luispares.com\/ca\/privacidad\/#primaryimage","url":"https:\/\/luispares.com\/wp-content\/uploads\/2016\/07\/FeaturedGeneric_v2_LuisPares.jpg","contentUrl":"https:\/\/luispares.com\/wp-content\/uploads\/2016\/07\/FeaturedGeneric_v2_LuisPares.jpg","width":475,"height":227},{"@type":"BreadcrumbList","@id":"https:\/\/luispares.com\/ca\/privacidad\/#breadcrumb","itemListElement":[{"@type":"ListItem","position":1,"name":"Portada","item":"https:\/\/luispares.com\/ca\/"},{"@type":"ListItem","position":2,"name":"Pol\u00edtica de Privacitat"}]},{"@type":"WebSite","@id":"https:\/\/luispares.com\/ca\/#website","url":"https:\/\/luispares.com\/ca\/","name":"Luis Pares","description":"Empresa constructora y miembro del Gremi de Constructors de Barcelona.","publisher":{"@id":"https:\/\/luispares.com\/ca\/#organization"},"potentialAction":[{"@type":"SearchAction","target":{"@type":"EntryPoint","urlTemplate":"https:\/\/luispares.com\/ca\/?s={search_term_string}"},"query-input":{"@type":"PropertyValueSpecification","valueRequired":true,"valueName":"search_term_string"}}],"inLanguage":"ca"},{"@type":"Organization","@id":"https:\/\/luispares.com\/ca\/#organization","name":"Luis Par\u00e9s, S.L.","url":"https:\/\/luispares.com\/ca\/","logo":{"@type":"ImageObject","inLanguage":"ca","@id":"https:\/\/luispares.com\/ca\/#\/schema\/logo\/image\/","url":"https:\/\/www.luispares.com\/wp-content\/uploads\/2016\/07\/luispares_logo.png","contentUrl":"https:\/\/www.luispares.com\/wp-content\/uploads\/2016\/07\/luispares_logo.png","width":208,"height":56,"caption":"Luis Par\u00e9s, S.L."},"image":{"@id":"https:\/\/luispares.com\/ca\/#\/schema\/logo\/image\/"},"sameAs":["https:\/\/www.instagram.com\/luispares_sl\/","https:\/\/www.linkedin.com\/company\/luis-par\u00e9s-s-l-","https:\/\/www.youtube.com\/channel\/UCryaT4fZmdocCgSnzi9fiew"]}]}},"_links":{"self":[{"href":"https:\/\/luispares.com\/ca\/wp-json\/wp\/v2\/pages\/1271","targetHints":{"allow":["GET"]}}],"collection":[{"href":"https:\/\/luispares.com\/ca\/wp-json\/wp\/v2\/pages"}],"about":[{"href":"https:\/\/luispares.com\/ca\/wp-json\/wp\/v2\/types\/page"}],"author":[{"embeddable":true,"href":"https:\/\/luispares.com\/ca\/wp-json\/wp\/v2\/users\/3"}],"replies":[{"embeddable":true,"href":"https:\/\/luispares.com\/ca\/wp-json\/wp\/v2\/comments?post=1271"}],"version-history":[{"count":3,"href":"https:\/\/luispares.com\/ca\/wp-json\/wp\/v2\/pages\/1271\/revisions"}],"predecessor-version":[{"id":9268,"href":"https:\/\/luispares.com\/ca\/wp-json\/wp\/v2\/pages\/1271\/revisions\/9268"}],"wp:featuredmedia":[{"embeddable":true,"href":"https:\/\/luispares.com\/ca\/wp-json\/wp\/v2\/media\/929"}],"wp:attachment":[{"href":"https:\/\/luispares.com\/ca\/wp-json\/wp\/v2\/media?parent=1271"}],"curies":[{"name":"wp","href":"https:\/\/api.w.org\/{rel}","templated":true}]}}